{"version":"1.0","provider_name":"Novias Baleares","provider_url":"http:\/\/noviasespana.com\/noviasbaleares","author_name":"admin","author_url":"http:\/\/noviasespana.com\/noviasbaleares\/author\/admin\/","title":"Alberto de M\u00f3naco se casa - Novias Baleares","type":"rich","width":600,"height":338,"html":"<blockquote class=\"wp-embedded-content\" data-secret=\"PzrtvnW5fF\"><a href=\"http:\/\/noviasespana.com\/noviasbaleares\/alberto-de-monaco-se-casa\/\">Alberto de M\u00f3naco se casa<\/a><\/blockquote><iframe sandbox=\"allow-scripts\" security=\"restricted\" src=\"http:\/\/noviasespana.com\/noviasbaleares\/alberto-de-monaco-se-casa\/embed\/#?secret=PzrtvnW5fF\" width=\"600\" height=\"338\" title=\"\u00abAlberto de M\u00f3naco se casa\u00bb \u2014 Novias Baleares\" data-secret=\"PzrtvnW5fF\" frameborder=\"0\" marginwidth=\"0\" marginheight=\"0\" scrolling=\"no\" class=\"wp-embedded-content\"><\/iframe><script type=\"text\/javascript\">\n\/* <![CDATA[ *\/\n\/*! This file is auto-generated *\/\n!function(d,l){\"use strict\";l.querySelector&&d.addEventListener&&\"undefined\"!=typeof URL&&(d.wp=d.wp||{},d.wp.receiveEmbedMessage||(d.wp.receiveEmbedMessage=function(e){var t=e.data;if((t||t.secret||t.message||t.value)&&!\/[^a-zA-Z0-9]\/.test(t.secret)){for(var s,r,n,a=l.querySelectorAll('iframe[data-secret=\"'+t.secret+'\"]'),o=l.querySelectorAll('blockquote[data-secret=\"'+t.secret+'\"]'),c=new RegExp(\"^https?:$\",\"i\"),i=0;i<o.length;i++)o[i].style.display=\"none\";for(i=0;i<a.length;i++)s=a[i],e.source===s.contentWindow&&(s.removeAttribute(\"style\"),\"height\"===t.message?(1e3<(r=parseInt(t.value,10))?r=1e3:~~r<200&&(r=200),s.height=r):\"link\"===t.message&&(r=new URL(s.getAttribute(\"src\")),n=new URL(t.value),c.test(n.protocol))&&n.host===r.host&&l.activeElement===s&&(d.top.location.href=t.value))}},d.addEventListener(\"message\",d.wp.receiveEmbedMessage,!1),l.addEventListener(\"DOMContentLoaded\",function(){for(var e,t,s=l.querySelectorAll(\"iframe.wp-embedded-content\"),r=0;r<s.length;r++)(t=(e=s[r]).getAttribute(\"data-secret\"))||(t=Math.random().toString(36).substring(2,12),e.src+=\"#?secret=\"+t,e.setAttribute(\"data-secret\",t)),e.contentWindow.postMessage({message:\"ready\",secret:t},\"*\")},!1)))}(window,document);\n\/* ]]> *\/\n<\/script>\n","description":"Queridas novias!!! La boda de Alberto de M\u00f3naco con la ex nadadora sudafricana Charlene Wittstock se celebrar\u00e1 durante el verano del a\u00f1o pr\u00f3ximo, explic\u00f3 el pr\u00edncipe de M\u00f3naco en una entrevista publicada hoy por el diario \u00abNice Matin\u00bb. Alberto II, que no dio una fecha m\u00e1s precisa para la ceremonia, dijo estar \u00abfeliz\u00bb tras el [&hellip;]","thumbnail_url":"http:\/\/www.diariodeunanovia.com\/blog\/wp-content\/uploads\/sites\/5\/2010\/06\/ALeqM5j7TwC7r5Fr0KGh0odHgshtK0CX6A-225x300.jpg"}